{"id":96189,"date":"2018-12-01T18:23:59","date_gmt":"2018-12-01T17:23:59","guid":{"rendered":"http:\/\/isnd.be\/maternel\/wp\/?page_id=96189"},"modified":"2026-03-31T10:20:07","modified_gmt":"2026-03-31T09:20:07","slug":"equipe-pms","status":"publish","type":"page","link":"https:\/\/maternel.isnd.be\/?page_id=96189","title":{"rendered":"\u00c9quipe PMS"},"content":{"rendered":"\n<p><\/p>\n\n\n\n\n\n<p><a href=\"http:\/\/www.enseignement.catholique.be\/\" target=\"_blank\" rel=\"noreferrer noopener\"><\/a><\/p>\n\n\n\n<figure class=\"wp-block-image size-full is-resized\"><img loading=\"lazy\" decoding=\"async\" width=\"350\" height=\"350\" src=\"https:\/\/maternel.isnd.be\/wp-content\/uploads\/2025\/07\/image.png\" alt=\"\" class=\"wp-image-98355\" style=\"width:405px;height:auto\" srcset=\"https:\/\/maternel.isnd.be\/wp-content\/uploads\/2025\/07\/image.png 350w, https:\/\/maternel.isnd.be\/wp-content\/uploads\/2025\/07\/image-300x300.png 300w, https:\/\/maternel.isnd.be\/wp-content\/uploads\/2025\/07\/image-150x150.png 150w, https:\/\/maternel.isnd.be\/wp-content\/uploads\/2025\/07\/image-75x75.png 75w\" sizes=\"auto, (max-width: 350px) 100vw, 350px\" \/><\/figure>\n\n\n\n<p><strong><em>Qu\u2019est-ce qu\u2019un Centre PMS ?\u00a0<\/em><\/strong><\/p>\n\n\n\n<p><strong>Un lieu d\u2019accueil<\/strong>, d\u2019\u00e9coute et de dialogues o\u00f9 les personnes demandeuses peuvent aborder les questions qui les pr\u00e9occupent en mati\u00e8re de <strong>scolarit\u00e9, de d\u00e9veloppement personnel, d\u2019\u00e9ducation, de vie familiale et sociale, <\/strong>pouvant avoir un impact sur les conditions d\u2019apprentissage des \u00e9l\u00e8ves<strong>.<\/strong><\/p>\n\n\n\n<p>Notre int\u00e9r\u00eat est toujours port\u00e9 sur <strong>l\u2019\u00e9panouissement des \u00e9l\u00e8ves dans le milieu scolaire.<\/strong><\/p>\n\n\n\n<p><strong>Une \u00e9quipe pluridisciplinaire<\/strong> qui aborde les situations \u00e0 partir d\u2019une <strong>vision globale<\/strong>. <strong><\/strong><\/p>\n\n\n\n<p><strong>Un service gratuit et soumis au secret professionnel<\/strong>. L\u2019\u00e9quipe du CPMS travaille ind\u00e9pendamment des \u00e9coles mais en \u00e9troite relation avec elles,<strong> au service du bien-\u00eatre des \u00e9l\u00e8ves. <\/strong>La connaissance approfondie du monde scolaire et de son environnement lui permet une approche pertinente des situations rencontr\u00e9es par les \u00e9l\u00e8ves et leur famille.<\/p>\n\n\n\n<p><strong><em>Qui peut contacter le PMS&nbsp;?<\/em><\/strong><\/p>\n\n\n\n<p>Le Centre PMS est \u00e0 la disposition des \u00e9l\u00e8ves, de leurs parents et des enseignants,&nbsp;<strong>d\u00e8s l\u2019entr\u00e9e dans l\u2019enseignement maternel et jusqu\u2019\u00e0 la fin de l\u2019enseignement secondaire<\/strong>.<\/p>\n\n\n\n<p><strong><em>Comment intervient l\u2019\u00e9quipe du centre PMS&nbsp;?<\/em><\/strong><\/p>\n\n\n\n<p>Des <strong>temps de pr\u00e9sence r\u00e9guliers sont organis\u00e9s dans les \u00e9coles<\/strong>, afin de faciliter son accessibilit\u00e9 aux personnes demandeuses. Les entretiens peuvent aussi avoir <strong>lieu dans nos locaux situ\u00e9s Rue Brogniez 170 \u00e0 Anderlecht<\/strong>.<\/p>\n\n\n\n<p>L\u2019\u00e9quipe PMS peut \u00e9galement intervenir dans le cadre d\u2019<strong>actions collectives de pr\u00e9vention.<\/strong><\/p>\n\n\n\n<p>Le Centre PMS est un <strong>service consultatif<\/strong> qui intervient \u00e0 partir d\u2019une <strong>place \u00e0 l\u2019interface entre l\u2019\u00e9cole, la famille et les services ext\u00e9rieurs<\/strong>.<\/p>\n\n\n\n<p>L\u2019\u00e9quipe du CPMS se met au <strong>travail avec les personnes en demande<\/strong>.<\/p>\n\n\n\n<p><strong><em>Comment contacter le Centre PMS&nbsp;?<\/em><\/strong><em><\/em><\/p>\n\n\n\n<p>Notre \u00e9quipe est joignable <strong>par mail<\/strong> via l\u2019adresse <a href=\"mailto:cpmsc@pepsasbl.be\">cpmsc@pepsasbl.be<\/a> et <strong>par t\u00e9l\u00e9phone<\/strong> au 02.541.81.38 (except\u00e9 le jeudi apr\u00e8s-midi).<\/p>\n\n\n\n<p>Equipe C<\/p>\n\n\n\n<p>Centre PMS Libre de Saint-Gilles II<br \/>Rue Brogniez, 170<br \/>1070 Anderlecht<\/p>\n\n\n\n<p>M\u00e9tro : lignes 2, 6 \u2013 station Cl\u00e9menceau<br \/>Trams : lignes 81 \u2013 arr\u00eat Conseil<br \/>Tel : 02.541.81.38, de 8h30 \u00e0 16h30, except\u00e9 le jeudi apr\u00e8s-midi.<\/p>\n\n\n\n<p>Ferm\u00e9 durant les cong\u00e9s scolaires et du 15 juillet au 15 ao\u00fbt.<\/p>\n\n\n\n<p>Courriel&nbsp;: cpmsc@pepsasbl.be<\/p>\n\n\n\n<p><\/p>\n","protected":false},"excerpt":{"rendered":"<p>Qu\u2019est-ce qu\u2019un Centre PMS ?\u00a0 Un lieu d\u2019accueil, d\u2019\u00e9coute et de dialogues o\u00f9 les personnes demandeuses peuvent aborder les questions qui les pr\u00e9occupent en mati\u00e8re de scolarit\u00e9, de d\u00e9veloppement personnel, d\u2019\u00e9ducation, de vie familiale et sociale, pouvant avoir un impact sur les conditions d\u2019apprentissage des \u00e9l\u00e8ves. Notre int\u00e9r\u00eat est toujours port\u00e9 sur l\u2019\u00e9panouissement des \u00e9l\u00e8ves dans le milieu scolaire. Une \u00e9quipe pluridisciplinaire qui aborde les situations \u00e0 partir d\u2019une vision globale. Un service gratuit et soumis au secret professionnel. L\u2019\u00e9quipe du CPMS travaille ind\u00e9pendamment des \u00e9coles mais en \u00e9troite relation avec elles, au service du bien-\u00eatre des \u00e9l\u00e8ves. La connaissance approfondie du monde scolaire et de son environnement lui permet une approche pertinente des situations rencontr\u00e9es par les \u00e9l\u00e8ves et leur famille. Qui peut contacter le PMS&nbsp;? Le Centre PMS est \u00e0 la disposition des \u00e9l\u00e8ves, de leurs parents et des enseignants,&nbsp;d\u00e8s l\u2019entr\u00e9e dans l\u2019enseignement maternel et jusqu\u2019\u00e0 la fin de l\u2019enseignement secondaire. Comment intervient l\u2019\u00e9quipe du centre PMS&nbsp;? Des temps de pr\u00e9sence r\u00e9guliers sont organis\u00e9s dans les \u00e9coles, afin de faciliter son accessibilit\u00e9 aux personnes demandeuses. Les entretiens peuvent aussi avoir lieu dans nos locaux situ\u00e9s Rue Brogniez 170 \u00e0 Anderlecht. L\u2019\u00e9quipe PMS peut \u00e9galement intervenir dans le cadre d\u2019actions collectives de pr\u00e9vention. Le Centre PMS est un service consultatif qui intervient \u00e0 partir d\u2019une place \u00e0 l\u2019interface entre l\u2019\u00e9cole, la famille et les services ext\u00e9rieurs. L\u2019\u00e9quipe du CPMS se met au travail avec les personnes en demande. Comment contacter le Centre PMS&nbsp;? Notre \u00e9quipe est joignable par mail via l\u2019adresse cpmsc@pepsasbl.be et par t\u00e9l\u00e9phone au 02.541.81.38 (except\u00e9 le jeudi apr\u00e8s-midi). Equipe C Centre PMS Libre de Saint-Gilles IIRue Brogniez, 1701070 Anderlecht M\u00e9tro : lignes 2, 6 \u2013 station Cl\u00e9menceauTrams : lignes 81 \u2013 arr\u00eat ConseilTel : 02.541.81.38, de 8h30 \u00e0 16h30, except\u00e9 le jeudi apr\u00e8s-midi. Ferm\u00e9 durant les cong\u00e9s scolaires et du 15 juillet au 15 ao\u00fbt. Courriel&nbsp;: cpmsc@pepsasbl.be<\/p>\n","protected":false},"author":13,"featured_media":0,"parent":0,"menu_order":0,"comment_status":"closed","ping_status":"closed","template":"","meta":{"footnotes":""},"class_list":["post-96189","page","type-page","status-publish","hentry"],"_links":{"self":[{"href":"https:\/\/maternel.isnd.be\/index.php?rest_route=\/wp\/v2\/pages\/96189","targetHints":{"allow":["GET"]}}],"collection":[{"href":"https:\/\/maternel.isnd.be\/index.php?rest_route=\/wp\/v2\/pages"}],"about":[{"href":"https:\/\/maternel.isnd.be\/index.php?rest_route=\/wp\/v2\/types\/page"}],"author":[{"embeddable":true,"href":"https:\/\/maternel.isnd.be\/index.php?rest_route=\/wp\/v2\/users\/13"}],"replies":[{"embeddable":true,"href":"https:\/\/maternel.isnd.be\/index.php?rest_route=%2Fwp%2Fv2%2Fcomments&post=96189"}],"version-history":[{"count":8,"href":"https:\/\/maternel.isnd.be\/index.php?rest_route=\/wp\/v2\/pages\/96189\/revisions"}],"predecessor-version":[{"id":98382,"href":"https:\/\/maternel.isnd.be\/index.php?rest_route=\/wp\/v2\/pages\/96189\/revisions\/98382"}],"wp:attachment":[{"href":"https:\/\/maternel.isnd.be\/index.php?rest_route=%2Fwp%2Fv2%2Fmedia&parent=96189"}],"curies":[{"name":"wp","href":"https:\/\/api.w.org\/{rel}","templated":true}]}}